{"id":3224,"date":"2023-08-25T11:29:56","date_gmt":"2023-08-25T15:29:56","guid":{"rendered":"https:\/\/tdrcorpprd.wpengine.com\/management-team\/"},"modified":"2026-02-17T10:41:35","modified_gmt":"2026-02-17T15:41:35","slug":"equipe-de-gestion","status":"publish","type":"page","link":"https:\/\/tradercorporation.com\/fr\/a-propos\/equipe-de-gestion\/","title":{"rendered":"\u00c9quipe de gestion"},"content":{"rendered":"\t\t<div data-elementor-type=\"wp-page\" data-elementor-id=\"3224\" class=\"elementor elementor-3224 elementor-2411\" data-elementor-post-type=\"page\">\n\t\t\t\t<div class=\"elementor-element elementor-element-225994e e-con-full e-flex e-con e-parent\" data-id=\"225994e\" data-element_type=\"container\" data-e-type=\"container\" data-settings=\"{&quot;background_background&quot;:&quot;classic&quot;}\">\n\t\t<div class=\"elementor-element elementor-element-3ba43b2 e-flex e-con-boxed e-con e-child\" data-id=\"3ba43b2\" data-element_type=\"container\" data-e-type=\"container\">\n\t\t\t\t\t<div class=\"e-con-inner\">\n\t\t\t\t<div class=\"elementor-element elementor-element-2436507 elementor-widget elementor-widget-heading\" data-id=\"2436507\" data-element_type=\"widget\" data-e-type=\"widget\" data-widget_type=\"heading.default\">\n\t\t\t\t<div class=\"elementor-widget-container\">\n\t\t\t\t\t<h1 class=\"elementor-heading-title elementor-size-default\">\u00c9quipe de gestion<\/h1>\t\t\t\t<\/div>\n\t\t\t\t<\/div>\n\t\t\t\t\t<\/div>\n\t\t\t\t<\/div>\n\t\t\t\t<\/div>\n\t\t<div class=\"elementor-element elementor-element-7cd216d e-flex e-con-boxed e-con e-parent\" data-id=\"7cd216d\" data-element_type=\"container\" data-e-type=\"container\">\n\t\t\t\t\t<div class=\"e-con-inner\">\n\t\t<div class=\"elementor-element elementor-element-5555363 e-flex e-con-boxed e-con e-child\" data-id=\"5555363\" data-element_type=\"container\" data-e-type=\"container\" data-settings=\"{&quot;background_background&quot;:&quot;classic&quot;}\">\n\t\t\t\t\t<div class=\"e-con-inner\">\n\t\t<div class=\"elementor-element elementor-element-6d1f16c e-flex e-con-boxed e-con e-child\" data-id=\"6d1f16c\" data-element_type=\"container\" data-e-type=\"container\">\n\t\t\t\t\t<div class=\"e-con-inner\">\n\t\t<div class=\"elementor-element elementor-element-8f984ac e-con-full e-flex e-con e-child\" data-id=\"8f984ac\" data-element_type=\"container\" data-e-type=\"container\" id=\"edwin\">\n\t\t<div class=\"elementor-element elementor-element-4085dc5 e-con-full e-flex e-con e-child\" data-id=\"4085dc5\" data-element_type=\"container\" data-e-type=\"container\">\n\t\t\t\t<div class=\"elementor-element elementor-element-73108e7 elementor-widget elementor-widget-text-editor\" data-id=\"73108e7\" data-element_type=\"widget\" data-e-type=\"widget\" data-widget_type=\"text-editor.default\">\n\t\t\t\t<div class=\"elementor-widget-container\">\n\t\t\t\t\t\t\t\t\t<p><strong>Edwin Ulak<br \/><\/strong><span style=\"font-size: 15px;\">Chef de la direction<\/span><\/p>\t\t\t\t\t\t\t\t<\/div>\n\t\t\t\t<\/div>\n\t\t\t\t<div class=\"elementor-element elementor-element-dd129dd elementor-widget elementor-widget-text-editor\" data-id=\"dd129dd\" data-element_type=\"widget\" data-e-type=\"widget\" data-widget_type=\"text-editor.default\">\n\t\t\t\t<div class=\"elementor-widget-container\">\n\t\t\t\t\t\t\t\t\t<p>En sa qualit\u00e9 de chef de la direction de la Soci\u00e9t\u00e9 TRADER, Edwin assume la responsabilit\u00e9 g\u00e9n\u00e9rale du succ\u00e8s de nos marques automobiles num\u00e9riques de haute r\u00e9putation, tant aupr\u00e8s des acheteurs que des concessionnaires et marchands actifs sur le march\u00e9 canadien de l\u2019automobile. Dans ce poste d\u2019envergure, Edwin vise \u00e0 soutenir la croissance en acc\u00e9l\u00e9r\u00e9 des plates-formes \u00e0 haut rendement d\u00e9velopp\u00e9es par la Soci\u00e9t\u00e9 TRADER, afin que les acheteurs automobiles canadiens continuent \u00e0 nous percevoir comme \u00ab la meilleure fa\u00e7on d\u2019acheter ou de vendre un v\u00e9hicule \u00bb tout en aidant les commer\u00e7ants \u00ab \u00e0 vendre plus de v\u00e9hicules, avec de meilleures marges et plus facilement \u00bb.<\/p><p>Edwin s\u2019est joint \u00e0 la Soci\u00e9t\u00e9 TRADER en 2011 \u00e0 titre de vice-pr\u00e9sident de la gestion des produits. Il a ensuite agi comme chef de la strat\u00e9gie entre 2018 et 2021, r\u00f4le dans lequel il assurait les responsabilit\u00e9s des fonctions planification strat\u00e9gique et expansion d\u2019entreprise. Il fut subs\u00e9quemment promu pr\u00e9sident de la marque AutoSync en 2021 et, plus r\u00e9cemment, chef de la direction de la Soci\u00e9t\u00e9 TRADER en 2024. Avant son arriv\u00e9e \u00e0 la Soci\u00e9t\u00e9 TRADER, Edwin \u00e9tait responsable de l\u2019exp\u00e9rience-utilisateur chez AutoTrader Media Group, au Royaume-Uni.<\/p>\t\t\t\t\t\t\t\t<\/div>\n\t\t\t\t<\/div>\n\t\t\t\t<\/div>\n\t\t<div class=\"elementor-element elementor-element-7ae149a e-con-full e-flex e-con e-child\" data-id=\"7ae149a\" data-element_type=\"container\" data-e-type=\"container\">\n\t\t\t\t<div class=\"elementor-element elementor-element-0d22115 elementor-widget elementor-widget-image\" data-id=\"0d22115\" data-element_type=\"widget\" data-e-type=\"widget\" data-widget_type=\"image.default\">\n\t\t\t\t<div class=\"elementor-widget-container\">\n\t\t\t\t\t\t\t\t\t\t\t\t\t\t\t<img fetchpriority=\"high\" decoding=\"async\" width=\"800\" height=\"800\" src=\"https:\/\/tradercorporation.com\/wp-content\/uploads\/2023\/09\/executive-edwin-ulak.png\" class=\"attachment-full size-full wp-image-4423\" alt=\"Edwin Ulak\" srcset=\"https:\/\/tradercorporation.com\/wp-content\/uploads\/2023\/09\/executive-edwin-ulak.png 800w, https:\/\/tradercorporation.com\/wp-content\/uploads\/2023\/09\/executive-edwin-ulak-300x300.png 300w, https:\/\/tradercorporation.com\/wp-content\/uploads\/2023\/09\/executive-edwin-ulak-150x150.png 150w, https:\/\/tradercorporation.com\/wp-content\/uploads\/2023\/09\/executive-edwin-ulak-768x768.png 768w, https:\/\/tradercorporation.com\/wp-content\/uploads\/2023\/09\/executive-edwin-ulak-200x200.png 200w\" sizes=\"(max-width: 800px) 100vw, 800px\" \/>\t\t\t\t\t\t\t\t\t\t\t\t\t\t\t<\/div>\n\t\t\t\t<\/div>\n\t\t\t\t<\/div>\n\t\t\t\t<\/div>\n\t\t<div class=\"elementor-element elementor-element-08eb7ef e-con-full e-flex e-con e-child\" data-id=\"08eb7ef\" data-element_type=\"container\" data-e-type=\"container\" data-settings=\"{&quot;background_background&quot;:&quot;classic&quot;}\">\n\t\t<div class=\"elementor-element elementor-element-5b12de9 e-con-full e-flex e-con e-child\" data-id=\"5b12de9\" data-element_type=\"container\" data-e-type=\"container\">\n\t\t\t\t<div class=\"elementor-element elementor-element-6c0f27b elementor-widget elementor-widget-text-editor\" data-id=\"6c0f27b\" data-element_type=\"widget\" data-e-type=\"widget\" data-widget_type=\"text-editor.default\">\n\t\t\t\t<div class=\"elementor-widget-container\">\n\t\t\t\t\t\t\t\t\t<p><strong>Jill Hadfield<\/strong><br \/><span style=\"font-size: 15px;\">Pr\u00e9sident, Dealertrack\u00a0&amp; CMS<\/span><\/p>\t\t\t\t\t\t\t\t<\/div>\n\t\t\t\t<\/div>\n\t\t\t\t<div class=\"elementor-element elementor-element-7169c28 elementor-widget elementor-widget-text-editor\" data-id=\"7169c28\" data-element_type=\"widget\" data-e-type=\"widget\" data-widget_type=\"text-editor.default\">\n\t\t\t\t<div class=\"elementor-widget-container\">\n\t\t\t\t\t\t\t\t\t<p>Pr\u00e9sidente de Dealertrack, Jill s\u2019assure de pr\u00e9server la position de Dealertrack \u00e0 titre de premier fournisseur de technologies int\u00e9gr\u00e9es pour commer\u00e7ants automobiles. Jill met r\u00e9guli\u00e8rement au d\u00e9fi les membres de son \u00e9quipe d\u2019experts de l\u2019automobile afin qu\u2019ils con\u00e7oivent et d\u00e9veloppent des produits ax\u00e9s sur l\u2019efficacit\u00e9, l\u2019innovation et la capacit\u00e9, dans l\u2019objectif de desservir un nombre sans cesse croissant de marchands, concessionnaires, constructeurs et pr\u00eateurs au Canada.<\/p><p>Jill est une entrepreneure reconnue, dont la vision et la capacit\u00e9 de compr\u00e9hension des besoins des clients permettent d\u2019orienter la conception de produits innovants, en plus d\u2019assurer la livraison de solutions num\u00e9riques convaincantes pour marchands et concessionnaires, constructeurs et pr\u00eateurs automobiles. Son enthousiasme communicatif stimule son entourage et inspire \u00e0 son \u00e9quipe des id\u00e9es novatrices. Elle met de l\u2019avant une vision claire ax\u00e9e sur la performance, la rentabilit\u00e9 et la satisfaction de la client\u00e8le.<\/p>\t\t\t\t\t\t\t\t<\/div>\n\t\t\t\t<\/div>\n\t\t\t\t<\/div>\n\t\t<div class=\"elementor-element elementor-element-18b0ba0 e-con-full e-flex e-con e-child\" data-id=\"18b0ba0\" data-element_type=\"container\" data-e-type=\"container\">\n\t\t\t\t<div class=\"elementor-element elementor-element-937fb1f elementor-widget elementor-widget-image\" data-id=\"937fb1f\" data-element_type=\"widget\" data-e-type=\"widget\" data-widget_type=\"image.default\">\n\t\t\t\t<div class=\"elementor-widget-container\">\n\t\t\t\t\t\t\t\t\t\t\t\t\t\t\t<img decoding=\"async\" width=\"800\" height=\"800\" src=\"https:\/\/tradercorporation.com\/wp-content\/uploads\/2023\/09\/executive-jill-hadfield.png\" class=\"attachment-full size-full wp-image-4418\" alt=\"Jill Hadfield\" srcset=\"https:\/\/tradercorporation.com\/wp-content\/uploads\/2023\/09\/executive-jill-hadfield.png 800w, https:\/\/tradercorporation.com\/wp-content\/uploads\/2023\/09\/executive-jill-hadfield-300x300.png 300w, https:\/\/tradercorporation.com\/wp-content\/uploads\/2023\/09\/executive-jill-hadfield-150x150.png 150w, https:\/\/tradercorporation.com\/wp-content\/uploads\/2023\/09\/executive-jill-hadfield-768x768.png 768w, https:\/\/tradercorporation.com\/wp-content\/uploads\/2023\/09\/executive-jill-hadfield-200x200.png 200w\" sizes=\"(max-width: 800px) 100vw, 800px\" \/>\t\t\t\t\t\t\t\t\t\t\t\t\t\t\t<\/div>\n\t\t\t\t<\/div>\n\t\t\t\t<\/div>\n\t\t\t\t<\/div>\n\t\t<div class=\"elementor-element elementor-element-13261a6 e-con-full e-flex e-con e-child\" data-id=\"13261a6\" data-element_type=\"container\" data-e-type=\"container\" id=\"jody\">\n\t\t<div class=\"elementor-element elementor-element-aa90659 e-con-full e-flex e-con e-child\" data-id=\"aa90659\" data-element_type=\"container\" data-e-type=\"container\">\n\t\t\t\t<div class=\"elementor-element elementor-element-04df897 elementor-widget elementor-widget-text-editor\" data-id=\"04df897\" data-element_type=\"widget\" data-e-type=\"widget\" data-widget_type=\"text-editor.default\">\n\t\t\t\t<div class=\"elementor-widget-container\">\n\t\t\t\t\t\t\t\t\t<p><strong>Jody Gill<br \/><\/strong><span style=\"font-size: 15px;\">Chef des ventes<\/span><\/p>\t\t\t\t\t\t\t\t<\/div>\n\t\t\t\t<\/div>\n\t\t\t\t<div class=\"elementor-element elementor-element-35b1753 elementor-widget elementor-widget-text-editor\" data-id=\"35b1753\" data-element_type=\"widget\" data-e-type=\"widget\" data-widget_type=\"text-editor.default\">\n\t\t\t\t<div class=\"elementor-widget-container\">\n\t\t\t\t\t\t\t\t\t<p>\u00c0 titre de chef des ventes, Jody Gill oriente les activit\u00e9s de ventes de la Soci\u00e9t\u00e9 TRADER et supervise tous nos efforts en la mati\u00e8re. Ainsi, M. Gill \u00e9labore notre strat\u00e9gie de vente et s\u2019assure que nos diverses initiatives en la mati\u00e8re s\u2019alignent sur les objectifs de l\u2019entreprise.<\/p><p>Jody a entrepris sa carri\u00e8re \u00e0 la Soci\u00e9t\u00e9 TRADER en tant que directeur r\u00e9gional principal des ventes \u00e0 Vancouver il y a plus de 10 ans. Depuis, il a d\u00e9m\u00e9nag\u00e9 \u00e0 Toronto, o\u00f9 il a occup\u00e9 divers postes de direction des ventes au sein de l\u2019entreprise. Au fil des ans, Jody a d\u00e9velopp\u00e9 d\u2019\u00e9troites relations avec plusieurs de nos commer\u00e7ants-partenaires, autant \u00e0 l\u2019\u00e9chelle provinciale que nationale. Dans son poste actuel, il met \u00e0 profit sa vaste exp\u00e9rience et sa compr\u00e9hension des commer\u00e7ants automobiles canadiens pour aider et encadrer nos \u00e9quipes des ventes partout au pays.<\/p>\t\t\t\t\t\t\t\t<\/div>\n\t\t\t\t<\/div>\n\t\t\t\t<\/div>\n\t\t<div class=\"elementor-element elementor-element-b952531 e-con-full e-flex e-con e-child\" data-id=\"b952531\" data-element_type=\"container\" data-e-type=\"container\">\n\t\t\t\t<div class=\"elementor-element elementor-element-00f24d1 elementor-widget elementor-widget-image\" data-id=\"00f24d1\" data-element_type=\"widget\" data-e-type=\"widget\" data-widget_type=\"image.default\">\n\t\t\t\t<div class=\"elementor-widget-container\">\n\t\t\t\t\t\t\t\t\t\t\t\t\t\t\t<img decoding=\"async\" width=\"929\" height=\"929\" src=\"https:\/\/tradercorporation.com\/wp-content\/uploads\/2023\/07\/jody.png\" class=\"attachment-full size-full wp-image-3051\" alt=\"Jody Gill\" srcset=\"https:\/\/tradercorporation.com\/wp-content\/uploads\/2023\/07\/jody.png 929w, https:\/\/tradercorporation.com\/wp-content\/uploads\/2023\/07\/jody-300x300.png 300w, https:\/\/tradercorporation.com\/wp-content\/uploads\/2023\/07\/jody-150x150.png 150w, https:\/\/tradercorporation.com\/wp-content\/uploads\/2023\/07\/jody-768x768.png 768w\" sizes=\"(max-width: 929px) 100vw, 929px\" \/>\t\t\t\t\t\t\t\t\t\t\t\t\t\t\t<\/div>\n\t\t\t\t<\/div>\n\t\t\t\t<\/div>\n\t\t\t\t<\/div>\n\t\t<div class=\"elementor-element elementor-element-870650e e-con-full e-flex e-con e-child\" data-id=\"870650e\" data-element_type=\"container\" data-e-type=\"container\">\n\t\t<div class=\"elementor-element elementor-element-ee763d3 e-con-full e-flex e-con e-child\" data-id=\"ee763d3\" data-element_type=\"container\" data-e-type=\"container\">\n\t\t\t\t<div class=\"elementor-element elementor-element-0f7c32c elementor-widget elementor-widget-text-editor\" data-id=\"0f7c32c\" data-element_type=\"widget\" data-e-type=\"widget\" data-widget_type=\"text-editor.default\">\n\t\t\t\t<div class=\"elementor-widget-container\">\n\t\t\t\t\t\t\t\t\t<p><strong>Frederik Kraus<\/strong><br \/><span style=\"font-size: 15px;\">Chef de la technologie<\/span><\/p>\t\t\t\t\t\t\t\t<\/div>\n\t\t\t\t<\/div>\n\t\t\t\t<div class=\"elementor-element elementor-element-febdec3 elementor-widget elementor-widget-text-editor\" data-id=\"febdec3\" data-element_type=\"widget\" data-e-type=\"widget\" data-widget_type=\"text-editor.default\">\n\t\t\t\t<div class=\"elementor-widget-container\">\n\t\t\t\t\t\t\t\t\t<p>Frederik Kraus occupe le poste de chef de la technologie au sein du groupe AutoScout24 depuis septembre 2020. Il s\u2019est joint \u00e0 Scout24 AG en 2016 \u00e0 titre de vice-pr\u00e9sident de l\u2019ing\u00e9nierie des plates-formes, avant d\u2019assumer en 2019 les responsabilit\u00e9s de l\u2019enti\u00e8ret\u00e9 des activit\u00e9s techniques du Groupe.<\/p><p>Avant son embauche par le groupe AutoScout24, Frederik travaillait chez gutefrage.net depuis cinq ans, o\u00f9 il avait en succession assum\u00e9 la direction de tous les secteurs techniques de l\u2019entreprise, notamment l\u2019ing\u00e9nierie des logiciels et la science des donn\u00e9es, avant d\u2019y \u00eatre l\u00e0 aussi nomm\u00e9 directeur de la technologie. Entre 2007 \u00e0 2016, il a oeuvr\u00e9 \u00e0 titre de cofondateur de l\u2019entreprise en d\u00e9marrage Cosmotourist, y assumant les fonctions de la direction technologie et si\u00e9geant en tant que membre au conseil d\u2019administration. En d\u00e9but de carri\u00e8re, soit de 2001 \u00e0 2007, il a travaill\u00e9 comme d\u00e9veloppeur de logiciels chez Lycos Europe et Pangora.<\/p><p>Frederik a \u00e9tudi\u00e9 le g\u00e9nie m\u00e9canique \u00e0 la Technische Universit\u00e4t M\u00fcnchen (Universit\u00e9 technique de Munich), avec une sp\u00e9cialisation en g\u00e9nie a\u00e9rospatial, ayant auparavant fr\u00e9quent\u00e9 le Wellington College, sis \u00e0 Berkshire, en Angleterre. Mari\u00e9, p\u00e8re de trois enfants, il vit pr\u00e9sentement \u00e0 Munich.<\/p>\t\t\t\t\t\t\t\t<\/div>\n\t\t\t\t<\/div>\n\t\t\t\t<\/div>\n\t\t<div class=\"elementor-element elementor-element-cb5e287 e-con-full e-flex e-con e-child\" data-id=\"cb5e287\" data-element_type=\"container\" data-e-type=\"container\">\n\t\t\t\t<div class=\"elementor-element elementor-element-52ea24c elementor-widget elementor-widget-image\" data-id=\"52ea24c\" data-element_type=\"widget\" data-e-type=\"widget\" data-widget_type=\"image.default\">\n\t\t\t\t<div class=\"elementor-widget-container\">\n\t\t\t\t\t\t\t\t\t\t\t\t\t\t\t<img loading=\"lazy\" decoding=\"async\" width=\"927\" height=\"927\" src=\"https:\/\/tradercorporation.com\/wp-content\/uploads\/2025\/01\/frederik-kraus.png\" class=\"attachment-full size-full wp-image-7209\" alt=\"frederik-kraus\" srcset=\"https:\/\/tradercorporation.com\/wp-content\/uploads\/2025\/01\/frederik-kraus.png 927w, https:\/\/tradercorporation.com\/wp-content\/uploads\/2025\/01\/frederik-kraus-300x300.png 300w, https:\/\/tradercorporation.com\/wp-content\/uploads\/2025\/01\/frederik-kraus-150x150.png 150w, https:\/\/tradercorporation.com\/wp-content\/uploads\/2025\/01\/frederik-kraus-768x768.png 768w, https:\/\/tradercorporation.com\/wp-content\/uploads\/2025\/01\/frederik-kraus-200x200.png 200w\" sizes=\"(max-width: 927px) 100vw, 927px\" \/>\t\t\t\t\t\t\t\t\t\t\t\t\t\t\t<\/div>\n\t\t\t\t<\/div>\n\t\t\t\t<\/div>\n\t\t\t\t<\/div>\n\t\t<div class=\"elementor-element elementor-element-64f4e33 e-con-full e-flex e-con e-child\" data-id=\"64f4e33\" data-element_type=\"container\" data-e-type=\"container\">\n\t\t<div class=\"elementor-element elementor-element-9654e1a e-con-full e-flex e-con e-child\" data-id=\"9654e1a\" data-element_type=\"container\" data-e-type=\"container\">\n\t\t\t\t<div class=\"elementor-element elementor-element-941c9ac elementor-widget elementor-widget-text-editor\" data-id=\"941c9ac\" data-element_type=\"widget\" data-e-type=\"widget\" data-widget_type=\"text-editor.default\">\n\t\t\t\t<div class=\"elementor-widget-container\">\n\t\t\t\t\t\t\t\t\t<p><strong>Justin Re<\/strong><br><span style=\"font-size: 15px;\">Chef de la gestion des produits<\/span><\/p>\t\t\t\t\t\t\t\t<\/div>\n\t\t\t\t<\/div>\n\t\t\t\t<div class=\"elementor-element elementor-element-6b2afad elementor-widget elementor-widget-text-editor\" data-id=\"6b2afad\" data-element_type=\"widget\" data-e-type=\"widget\" data-widget_type=\"text-editor.default\">\n\t\t\t\t<div class=\"elementor-widget-container\">\n\t\t\t\t\t\t\t\t\t<p>Justin Re est chef de la gestion des produits au groupe AutoScout24 depuis avril 2021, poste sur lequel reposent les responsabilit\u00e9s des fonctions gestion des produits, conception des produits et gestion de l\u2019optimisation (SEO). Avant ses premiers pas chez AutoScout24, Justin d\u00e9tenait le poste de premier vice-pr\u00e9sident de la gestion des produits chez Live Nation\/Ticketmaster, \u00e0 Los Angeles, y d\u00e9veloppant le tout premier portefeuille de billetterie s\u00e9curis\u00e9e en partenariat avec Apple et Google. Auparavant, Justin a occup\u00e9 le poste de directeur principal de la gestion des produits chez OpenX, un chef de file mondial de la publicit\u00e9 num\u00e9rique bas\u00e9 en Californie, pour lequel il a notamment d\u00e9velopp\u00e9 la toute premi\u00e8re solution de gestion des mises d\u2019ench\u00e8res entrantes pour les droits d\u2019int\u00e9gration de code publicitaire dans la section en-t\u00eate de leurs propri\u00e9t\u00e9s Internet (\u00ab Header Bidding \u00bb) enti\u00e8rement bas\u00e9e sur une application mobile.<\/p><p>Se d\u00e9crivant comme un observateur attentif et m\u00eame passionn\u00e9 des moindres d\u00e9veloppement dans le domaine des places d\u2019affaires bifaces, ou d\u2019interm\u00e9diation, Justin a jusqu\u2019ici dans sa carri\u00e8re dirig\u00e9 des \u00e9quipes mondiales, dispers\u00e9es aux quatre coins de la plan\u00e8te, dans les domaines B2B, B2C et autres plus ou moins connexes aux deux premiers, ces responsabilit\u00e9s lui ayant permis de cumuler jusqu\u2019ici plus d\u2019une quinzaine d\u2019ann\u00e9es d\u2019exp\u00e9rience de vie et de travail en Asie, au Royaume-Uni et aux \u00c9tats-Unis.<\/p><p>Concepteur logiciel dans l\u2019\u00e2me, il cherche sans cesse \u00e0 d\u00e9velopper des produits num\u00e9riques (ou des occasions d\u2019investissement dans leur d\u00e9veloppement) qui offrent une exp\u00e9rience-utilisateur remarquable tout en permettant \u00e0 leurs op\u00e9rateurs de cr\u00e9er de la valeur pour l\u2019ensemble de la soci\u00e9t\u00e9. Justin est titulaire d\u2019un dipl\u00f4me en design de la Monash Universit\u00e9 \u00e0 Melbourne, en Australie, sa patrie. Son p\u00e8re ayant exploit\u00e9 des commerces automobiles pendant 40 ans, il est tr\u00e8s facile de retrouver la source de sa passion pour cette industrie.<\/p>\t\t\t\t\t\t\t\t<\/div>\n\t\t\t\t<\/div>\n\t\t\t\t<\/div>\n\t\t<div class=\"elementor-element elementor-element-9c9c86c e-con-full e-flex e-con e-child\" data-id=\"9c9c86c\" data-element_type=\"container\" data-e-type=\"container\">\n\t\t\t\t<div class=\"elementor-element elementor-element-ab6eb4b elementor-widget elementor-widget-image\" data-id=\"ab6eb4b\" data-element_type=\"widget\" data-e-type=\"widget\" data-widget_type=\"image.default\">\n\t\t\t\t<div class=\"elementor-widget-container\">\n\t\t\t\t\t\t\t\t\t\t\t\t\t\t\t<img loading=\"lazy\" decoding=\"async\" width=\"927\" height=\"927\" src=\"https:\/\/tradercorporation.com\/wp-content\/uploads\/2025\/01\/justin-re.png\" class=\"attachment-full size-full wp-image-7211\" alt=\"justin-re\" srcset=\"https:\/\/tradercorporation.com\/wp-content\/uploads\/2025\/01\/justin-re.png 927w, https:\/\/tradercorporation.com\/wp-content\/uploads\/2025\/01\/justin-re-300x300.png 300w, https:\/\/tradercorporation.com\/wp-content\/uploads\/2025\/01\/justin-re-150x150.png 150w, https:\/\/tradercorporation.com\/wp-content\/uploads\/2025\/01\/justin-re-768x768.png 768w, https:\/\/tradercorporation.com\/wp-content\/uploads\/2025\/01\/justin-re-200x200.png 200w\" sizes=\"(max-width: 927px) 100vw, 927px\" \/>\t\t\t\t\t\t\t\t\t\t\t\t\t\t\t<\/div>\n\t\t\t\t<\/div>\n\t\t\t\t<\/div>\n\t\t\t\t<\/div>\n\t\t\t\t\t<\/div>\n\t\t\t\t<\/div>\n\t\t\t\t\t<\/div>\n\t\t\t\t<\/div>\n\t\t\t\t\t<\/div>\n\t\t\t\t<\/div>\n\t\t\t\t<\/div>\n\t\t","protected":false},"excerpt":{"rendered":"<p>\u00c9quipe de gestion Edwin UlakChef de la direction En sa qualit\u00e9 de chef de la direction de la Soci\u00e9t\u00e9 TRADER, Edwin assume la responsabilit\u00e9 g\u00e9n\u00e9rale du succ\u00e8s de nos marques automobiles num\u00e9riques de haute r\u00e9putation, tant aupr\u00e8s des acheteurs que des concessionnaires et marchands actifs sur le march\u00e9 canadien de l\u2019automobile. Dans ce poste d\u2019envergure, [&hellip;]<\/p>\n","protected":false},"author":2,"featured_media":0,"parent":3226,"menu_order":0,"comment_status":"closed","ping_status":"closed","template":"elementor_header_footer","meta":{"inline_featured_image":false,"footnotes":""},"class_list":["post-3224","page","type-page","status-publish","hentry"],"yoast_head":"<!-- This site is optimized with the Yoast SEO plugin v27.3 - https:\/\/yoast.com\/product\/yoast-seo-wordpress\/ -->\n<title>\u00c9quipe de gestion - Soci\u00e9t\u00e9 TRADER<\/title>\n<meta name=\"robots\" content=\"index, follow, max-snippet:-1, max-image-preview:large, max-video-preview:-1\" \/>\n<link rel=\"canonical\" href=\"https:\/\/tradercorporation.com\/about-us\/management-team\/\" \/>\n<meta property=\"og:locale\" content=\"fr_FR\" \/>\n<meta property=\"og:type\" content=\"article\" \/>\n<meta property=\"og:title\" content=\"\u00c9quipe de gestion - Soci\u00e9t\u00e9 TRADER\" \/>\n<meta property=\"og:description\" content=\"\u00c9quipe de gestion Edwin UlakChef de la direction En sa qualit\u00e9 de chef de la direction de la Soci\u00e9t\u00e9 TRADER, Edwin assume la responsabilit\u00e9 g\u00e9n\u00e9rale du succ\u00e8s de nos marques automobiles num\u00e9riques de haute r\u00e9putation, tant aupr\u00e8s des acheteurs que des concessionnaires et marchands actifs sur le march\u00e9 canadien de l\u2019automobile. Dans ce poste d\u2019envergure, [&hellip;]\" \/>\n<meta property=\"og:url\" content=\"https:\/\/tradercorporation.com\/about-us\/management-team\/\" \/>\n<meta property=\"og:site_name\" content=\"Soci\u00e9t\u00e9 TRADER\" \/>\n<meta property=\"article:modified_time\" content=\"2026-02-17T15:41:35+00:00\" \/>\n<meta property=\"og:image\" content=\"https:\/\/tradercorporation.com\/wp-content\/uploads\/2023\/10\/Trader_site-image.png\" \/>\n\t<meta property=\"og:image:width\" content=\"800\" \/>\n\t<meta property=\"og:image:height\" content=\"800\" \/>\n\t<meta property=\"og:image:type\" content=\"image\/png\" \/>\n<meta name=\"twitter:card\" content=\"summary_large_image\" \/>\n<meta name=\"twitter:label1\" content=\"Dur\u00e9e de lecture estim\u00e9e\" \/>\n\t<meta name=\"twitter:data1\" content=\"7 minutes\" \/>\n<script type=\"application\/ld+json\" class=\"yoast-schema-graph\">{\"@context\":\"https:\\\/\\\/schema.org\",\"@graph\":[{\"@type\":\"WebPage\",\"@id\":\"https:\\\/\\\/tradercorporation.com\\\/about-us\\\/management-team\\\/\",\"url\":\"https:\\\/\\\/tradercorporation.com\\\/about-us\\\/management-team\\\/\",\"name\":\"\u00c9quipe de gestion - Soci\u00e9t\u00e9 TRADER\",\"isPartOf\":{\"@id\":\"https:\\\/\\\/tradercorporation.com\\\/#website\"},\"primaryImageOfPage\":{\"@id\":\"https:\\\/\\\/tradercorporation.com\\\/about-us\\\/management-team\\\/#primaryimage\"},\"image\":{\"@id\":\"https:\\\/\\\/tradercorporation.com\\\/about-us\\\/management-team\\\/#primaryimage\"},\"thumbnailUrl\":\"https:\\\/\\\/tradercorporation.com\\\/wp-content\\\/uploads\\\/2023\\\/09\\\/executive-edwin-ulak.png\",\"datePublished\":\"2023-08-25T15:29:56+00:00\",\"dateModified\":\"2026-02-17T15:41:35+00:00\",\"breadcrumb\":{\"@id\":\"https:\\\/\\\/tradercorporation.com\\\/about-us\\\/management-team\\\/#breadcrumb\"},\"inLanguage\":\"fr-FR\",\"potentialAction\":[{\"@type\":\"ReadAction\",\"target\":[\"https:\\\/\\\/tradercorporation.com\\\/about-us\\\/management-team\\\/\"]}]},{\"@type\":\"ImageObject\",\"inLanguage\":\"fr-FR\",\"@id\":\"https:\\\/\\\/tradercorporation.com\\\/about-us\\\/management-team\\\/#primaryimage\",\"url\":\"https:\\\/\\\/tradercorporation.com\\\/wp-content\\\/uploads\\\/2023\\\/09\\\/executive-edwin-ulak.png\",\"contentUrl\":\"https:\\\/\\\/tradercorporation.com\\\/wp-content\\\/uploads\\\/2023\\\/09\\\/executive-edwin-ulak.png\"},{\"@type\":\"BreadcrumbList\",\"@id\":\"https:\\\/\\\/tradercorporation.com\\\/about-us\\\/management-team\\\/#breadcrumb\",\"itemListElement\":[{\"@type\":\"ListItem\",\"position\":1,\"name\":\"Home\",\"item\":\"https:\\\/\\\/tradercorporation.com\\\/\"},{\"@type\":\"ListItem\",\"position\":2,\"name\":\"\u00c0 propos\",\"item\":\"https:\\\/\\\/tradercorporation.com\\\/about-us\\\/\"},{\"@type\":\"ListItem\",\"position\":3,\"name\":\"\u00c9quipe de gestion\"}]},{\"@type\":\"WebSite\",\"@id\":\"https:\\\/\\\/tradercorporation.com\\\/#website\",\"url\":\"https:\\\/\\\/tradercorporation.com\\\/\",\"name\":\"Soci\u00e9t\u00e9 TRADER\",\"description\":\"\",\"publisher\":{\"@id\":\"https:\\\/\\\/tradercorporation.com\\\/#organization\"},\"potentialAction\":[{\"@type\":\"SearchAction\",\"target\":{\"@type\":\"EntryPoint\",\"urlTemplate\":\"https:\\\/\\\/tradercorporation.com\\\/?s={search_term_string}\"},\"query-input\":{\"@type\":\"PropertyValueSpecification\",\"valueRequired\":true,\"valueName\":\"search_term_string\"}}],\"inLanguage\":\"fr-FR\"},{\"@type\":\"Organization\",\"@id\":\"https:\\\/\\\/tradercorporation.com\\\/#organization\",\"name\":\"Soci\u00e9t\u00e9 TRADER\",\"url\":\"https:\\\/\\\/tradercorporation.com\\\/\",\"logo\":{\"@type\":\"ImageObject\",\"inLanguage\":\"fr-FR\",\"@id\":\"https:\\\/\\\/tradercorporation.com\\\/#\\\/schema\\\/logo\\\/image\\\/\",\"url\":\"https:\\\/\\\/tradercorporation.com\\\/wp-content\\\/uploads\\\/2023\\\/10\\\/Trader_site-image.png\",\"contentUrl\":\"https:\\\/\\\/tradercorporation.com\\\/wp-content\\\/uploads\\\/2023\\\/10\\\/Trader_site-image.png\",\"width\":1200,\"height\":675,\"caption\":\"Soci\u00e9t\u00e9 TRADER\"},\"image\":{\"@id\":\"https:\\\/\\\/tradercorporation.com\\\/#\\\/schema\\\/logo\\\/image\\\/\"}}]}<\/script>\n<!-- \/ Yoast SEO plugin. -->","yoast_head_json":{"title":"\u00c9quipe de gestion - Soci\u00e9t\u00e9 TRADER","robots":{"index":"index","follow":"follow","max-snippet":"max-snippet:-1","max-image-preview":"max-image-preview:large","max-video-preview":"max-video-preview:-1"},"canonical":"https:\/\/tradercorporation.com\/about-us\/management-team\/","og_locale":"fr_FR","og_type":"article","og_title":"\u00c9quipe de gestion - Soci\u00e9t\u00e9 TRADER","og_description":"\u00c9quipe de gestion Edwin UlakChef de la direction En sa qualit\u00e9 de chef de la direction de la Soci\u00e9t\u00e9 TRADER, Edwin assume la responsabilit\u00e9 g\u00e9n\u00e9rale du succ\u00e8s de nos marques automobiles num\u00e9riques de haute r\u00e9putation, tant aupr\u00e8s des acheteurs que des concessionnaires et marchands actifs sur le march\u00e9 canadien de l\u2019automobile. Dans ce poste d\u2019envergure, [&hellip;]","og_url":"https:\/\/tradercorporation.com\/about-us\/management-team\/","og_site_name":"Soci\u00e9t\u00e9 TRADER","article_modified_time":"2026-02-17T15:41:35+00:00","og_image":[{"width":800,"height":800,"url":"https:\/\/tradercorporation.com\/wp-content\/uploads\/2023\/10\/Trader_site-image.png","type":"image\/png"}],"twitter_card":"summary_large_image","twitter_misc":{"Dur\u00e9e de lecture estim\u00e9e":"7 minutes"},"schema":{"@context":"https:\/\/schema.org","@graph":[{"@type":"WebPage","@id":"https:\/\/tradercorporation.com\/about-us\/management-team\/","url":"https:\/\/tradercorporation.com\/about-us\/management-team\/","name":"\u00c9quipe de gestion - Soci\u00e9t\u00e9 TRADER","isPartOf":{"@id":"https:\/\/tradercorporation.com\/#website"},"primaryImageOfPage":{"@id":"https:\/\/tradercorporation.com\/about-us\/management-team\/#primaryimage"},"image":{"@id":"https:\/\/tradercorporation.com\/about-us\/management-team\/#primaryimage"},"thumbnailUrl":"https:\/\/tradercorporation.com\/wp-content\/uploads\/2023\/09\/executive-edwin-ulak.png","datePublished":"2023-08-25T15:29:56+00:00","dateModified":"2026-02-17T15:41:35+00:00","breadcrumb":{"@id":"https:\/\/tradercorporation.com\/about-us\/management-team\/#breadcrumb"},"inLanguage":"fr-FR","potentialAction":[{"@type":"ReadAction","target":["https:\/\/tradercorporation.com\/about-us\/management-team\/"]}]},{"@type":"ImageObject","inLanguage":"fr-FR","@id":"https:\/\/tradercorporation.com\/about-us\/management-team\/#primaryimage","url":"https:\/\/tradercorporation.com\/wp-content\/uploads\/2023\/09\/executive-edwin-ulak.png","contentUrl":"https:\/\/tradercorporation.com\/wp-content\/uploads\/2023\/09\/executive-edwin-ulak.png"},{"@type":"BreadcrumbList","@id":"https:\/\/tradercorporation.com\/about-us\/management-team\/#breadcrumb","itemListElement":[{"@type":"ListItem","position":1,"name":"Home","item":"https:\/\/tradercorporation.com\/"},{"@type":"ListItem","position":2,"name":"\u00c0 propos","item":"https:\/\/tradercorporation.com\/about-us\/"},{"@type":"ListItem","position":3,"name":"\u00c9quipe de gestion"}]},{"@type":"WebSite","@id":"https:\/\/tradercorporation.com\/#website","url":"https:\/\/tradercorporation.com\/","name":"Soci\u00e9t\u00e9 TRADER","description":"","publisher":{"@id":"https:\/\/tradercorporation.com\/#organization"},"potentialAction":[{"@type":"SearchAction","target":{"@type":"EntryPoint","urlTemplate":"https:\/\/tradercorporation.com\/?s={search_term_string}"},"query-input":{"@type":"PropertyValueSpecification","valueRequired":true,"valueName":"search_term_string"}}],"inLanguage":"fr-FR"},{"@type":"Organization","@id":"https:\/\/tradercorporation.com\/#organization","name":"Soci\u00e9t\u00e9 TRADER","url":"https:\/\/tradercorporation.com\/","logo":{"@type":"ImageObject","inLanguage":"fr-FR","@id":"https:\/\/tradercorporation.com\/#\/schema\/logo\/image\/","url":"https:\/\/tradercorporation.com\/wp-content\/uploads\/2023\/10\/Trader_site-image.png","contentUrl":"https:\/\/tradercorporation.com\/wp-content\/uploads\/2023\/10\/Trader_site-image.png","width":1200,"height":675,"caption":"Soci\u00e9t\u00e9 TRADER"},"image":{"@id":"https:\/\/tradercorporation.com\/#\/schema\/logo\/image\/"}}]}},"_links":{"self":[{"href":"https:\/\/tradercorporation.com\/fr\/wp-json\/wp\/v2\/pages\/3224","targetHints":{"allow":["GET"]}}],"collection":[{"href":"https:\/\/tradercorporation.com\/fr\/wp-json\/wp\/v2\/pages"}],"about":[{"href":"https:\/\/tradercorporation.com\/fr\/wp-json\/wp\/v2\/types\/page"}],"author":[{"embeddable":true,"href":"https:\/\/tradercorporation.com\/fr\/wp-json\/wp\/v2\/users\/2"}],"replies":[{"embeddable":true,"href":"https:\/\/tradercorporation.com\/fr\/wp-json\/wp\/v2\/comments?post=3224"}],"version-history":[{"count":0,"href":"https:\/\/tradercorporation.com\/fr\/wp-json\/wp\/v2\/pages\/3224\/revisions"}],"up":[{"embeddable":true,"href":"https:\/\/tradercorporation.com\/fr\/wp-json\/wp\/v2\/pages\/3226"}],"wp:attachment":[{"href":"https:\/\/tradercorporation.com\/fr\/wp-json\/wp\/v2\/media?parent=3224"}],"curies":[{"name":"wp","href":"https:\/\/api.w.org\/{rel}","templated":true}]}}